{"id":5139,"date":"2025-01-15T10:04:49","date_gmt":"2025-01-15T09:04:49","guid":{"rendered":"https:\/\/www.cavarovellats.com\/enoturismo\/bicicleta-entre-vinedos-visita-y-cata\/"},"modified":"2025-01-15T10:04:50","modified_gmt":"2025-01-15T09:04:50","slug":"bicicleta-entre-vinedos-visita-y-cata","status":"publish","type":"page","link":"https:\/\/www.cavarovellats.com\/es\/bicicleta-entre-vinedos-visita-y-cata\/","title":{"rendered":"Bicicleta entre vi\u00f1edos, visita y cata"},"content":{"rendered":"\n\n\t<section class=\"section dark\" id=\"section_150664475\">\n\t\t<div class=\"section-bg fill\" >\n\t\t\t\t\t\t\t<div class=\"video-overlay no-click fill visible\"><\/div>\n\t<video class=\"video-bg fill visible\" preload playsinline autoplay muted loop>\n\t\t<source src=\"\/wp-content\/uploads\/2021\/03\/enoturisme_video.mp4\" type=\"video\/mp4\">\t<\/video>\n\t\t\t\n\t\t\t\n\n\t\t<\/div>\n\n\t\t\n\n\t\t<div class=\"section-content relative\">\n\t\t\t\n\n\n\t\t<\/div>\n\n\t\t\n<style>\n#section_150664475 {\n  padding-top: 0px;\n  padding-bottom: 0px;\n  margin-bottom: 0px;\n  min-height: 150px;\n}\n@media (min-width:850px) {\n  #section_150664475 {\n    min-height: 320px;\n  }\n}\n<\/style>\n\t<\/section>\n\t\n\n\t<section class=\"section dark\" id=\"section_1395509496\">\n\t\t<div class=\"section-bg fill\" >\n\t\t\t\t\t\t\t\t\t\n\t\t\t\n\n\t\t<\/div>\n\n\t\t\n\n\t\t<div class=\"section-content relative\">\n\t\t\t\n\n<div class=\"row row-collapse row-full-width\"  id=\"row-1360539763\">\n\n\n\t<div id=\"col-913457098\" class=\"col small-12 large-12\"  >\n\t\t\t\t<div class=\"col-inner\" style=\"background-color:#d0d6b3;\" >\n\t\t\t\n\t\t\t\n\n<div class=\"row row-collapse align-bottom align-right\"  id=\"row-35912281\">\n\n\n\t<div id=\"col-1156227078\" class=\"col small-12 large-12\"  >\n\t\t\t\t<div class=\"col-inner text-right\"  >\n\t\t\t\n\t\t\t\n\n\t<div id=\"text-825132540\" class=\"text title-margin-b\">\n\t\t\n\n<a href=\"https:\/\/www.cavarovellats.com\/es\/enoturismo\/\"><h1 id=\"title-principal\">enoturismo<\/h1><\/a>\n\t\t\n<style>\n#text-825132540 {\n  font-size: 1rem;\n  text-align: right;\n}\n@media (min-width:550px) {\n  #text-825132540 {\n    font-size: 1.5rem;\n  }\n}\n@media (min-width:850px) {\n  #text-825132540 {\n    font-size: 2.25rem;\n  }\n}\n<\/style>\n\t<\/div>\n\t\n\n\t\t<\/div>\n\t\t\t\t\n<style>\n#col-1156227078 > .col-inner {\n  padding: 40px 0px 0px 0px;\n  margin: 0px 0px 0 0px;\n}\n<\/style>\n\t<\/div>\n\n\t\n\n<\/div>\n\n\t\t<\/div>\n\t\t\t\t\t<\/div>\n\n\t\n\n<\/div>\n\n\t\t<\/div>\n\n\t\t\n<style>\n#section_1395509496 {\n  padding-top: 0px;\n  padding-bottom: 0px;\n  margin-bottom: 0px;\n  min-height: 0px;\n}\n<\/style>\n\t<\/section>\n\t\n\n\t<section class=\"section\" id=\"section_78468698\">\n\t\t<div class=\"section-bg fill\" >\n\t\t\t\t\t\t\t\t\t\n\t\t\t\n\n\t\t<\/div>\n\n\t\t\n\n\t\t<div class=\"section-content relative\">\n\t\t\t\n\n\t<div id=\"gap-1751496870\" class=\"gap-element clearfix\" style=\"display:block; height:auto;\">\n\t\t\n<style>\n#gap-1751496870 {\n  padding-top: 50px;\n}\n<\/style>\n\t<\/div>\n\t\n\n<div class=\"row row-large align-middle\" style=\"max-width:1300px\" id=\"row-537875500\">\n\n\n\t<div id=\"col-1816077738\" class=\"col medium-12 small-12 large-4\"  >\n\t\t\t\t<div class=\"col-inner\"  >\n\t\t\t\n\t\t\t\n\n\n  \n    <div class=\"row  lightbox-multi-gallery large-columns-1 medium-columns-4 small-columns-\" >\n  <div class=\"gallery-col col\" >\n          <div class=\"col-inner\">\n            <a class=\"\" href=\"https:\/\/www.cavarovellats.com\/wp-content\/uploads\/2021\/12\/PHOTO-2022-01-16-22-18-05.jpg\" title=\"\">            <div class=\"box has-hover gallery-box box-overlay dark\">\n              <div class=\"box-image image-cover\" style=\"padding-top:75%;\">\n                <img loading=\"lazy\" decoding=\"async\" width=\"533\" height=\"400\" src=\"https:\/\/www.cavarovellats.com\/wp-content\/uploads\/2021\/12\/PHOTO-2022-01-16-22-18-05-533x400.jpg\" class=\"attachment-medium size-medium\" alt=\"bicicleta entre vi\u00f1edos\" ids=\"1905,1911,1908,249,246\" columns=\"1\" columns__md=\"4\" image_height=\"75%\" srcset=\"https:\/\/www.cavarovellats.com\/wp-content\/uploads\/2021\/12\/PHOTO-2022-01-16-22-18-05-533x400.jpg 533w, https:\/\/www.cavarovellats.com\/wp-content\/uploads\/2021\/12\/PHOTO-2022-01-16-22-18-05-768x576.jpg 768w, https:\/\/www.cavarovellats.com\/wp-content\/uploads\/2021\/12\/PHOTO-2022-01-16-22-18-05-600x450.jpg 600w, https:\/\/www.cavarovellats.com\/wp-content\/uploads\/2021\/12\/PHOTO-2022-01-16-22-18-05.jpg 850w\" sizes=\"auto, (max-width: 533px) 100vw, 533px\" \/>                                  <div class=\"overlay fill\"\n                      style=\"background-color: rgba(0,0,0,.15)\">\n                  <\/div>\n                                                              <\/div>\n              <div class=\"box-text text-left\" >\n                 <p><\/p>\n              <\/div>\n            <\/div>\n            <\/a>          <\/div>\n         <\/div><div class=\"gallery-col col\" >\n          <div class=\"col-inner\">\n            <a class=\"\" href=\"https:\/\/www.cavarovellats.com\/wp-content\/uploads\/2021\/12\/Image-1.jpg\" title=\"\">            <div class=\"box has-hover gallery-box box-overlay dark\">\n              <div class=\"box-image image-cover\" style=\"padding-top:75%;\">\n                <img loading=\"lazy\" decoding=\"async\" width=\"601\" height=\"400\" src=\"https:\/\/www.cavarovellats.com\/wp-content\/uploads\/2021\/12\/Image-1-601x400.jpg\" class=\"attachment-medium size-medium\" alt=\"bicicleta entre vi\u00f1edos\" ids=\"1905,1911,1908,249,246\" columns=\"1\" columns__md=\"4\" image_height=\"75%\" srcset=\"https:\/\/www.cavarovellats.com\/wp-content\/uploads\/2021\/12\/Image-1-601x400.jpg 601w, https:\/\/www.cavarovellats.com\/wp-content\/uploads\/2021\/12\/Image-1-768x511.jpg 768w, https:\/\/www.cavarovellats.com\/wp-content\/uploads\/2021\/12\/Image-1-600x400.jpg 600w, https:\/\/www.cavarovellats.com\/wp-content\/uploads\/2021\/12\/Image-1.jpg 850w\" sizes=\"auto, (max-width: 601px) 100vw, 601px\" \/>                                  <div class=\"overlay fill\"\n                      style=\"background-color: rgba(0,0,0,.15)\">\n                  <\/div>\n                                                              <\/div>\n              <div class=\"box-text text-left\" >\n                 <p><\/p>\n              <\/div>\n            <\/div>\n            <\/a>          <\/div>\n         <\/div><div class=\"gallery-col col\" >\n          <div class=\"col-inner\">\n            <a class=\"\" href=\"https:\/\/www.cavarovellats.com\/wp-content\/uploads\/2021\/12\/Image.jpg\" title=\"\">            <div class=\"box has-hover gallery-box box-overlay dark\">\n              <div class=\"box-image image-cover\" style=\"padding-top:75%;\">\n                <img loading=\"lazy\" decoding=\"async\" width=\"602\" height=\"400\" src=\"https:\/\/www.cavarovellats.com\/wp-content\/uploads\/2021\/12\/Image-602x400.jpg\" class=\"attachment-medium size-medium\" alt=\"bicicleta entre vi\u00f1edos\" ids=\"1905,1911,1908,249,246\" columns=\"1\" columns__md=\"4\" image_height=\"75%\" srcset=\"https:\/\/www.cavarovellats.com\/wp-content\/uploads\/2021\/12\/Image-602x400.jpg 602w, https:\/\/www.cavarovellats.com\/wp-content\/uploads\/2021\/12\/Image-768x510.jpg 768w, https:\/\/www.cavarovellats.com\/wp-content\/uploads\/2021\/12\/Image-600x399.jpg 600w, https:\/\/www.cavarovellats.com\/wp-content\/uploads\/2021\/12\/Image.jpg 850w\" sizes=\"auto, (max-width: 602px) 100vw, 602px\" \/>                                  <div class=\"overlay fill\"\n                      style=\"background-color: rgba(0,0,0,.15)\">\n                  <\/div>\n                                                              <\/div>\n              <div class=\"box-text text-left\" >\n                 <p><\/p>\n              <\/div>\n            <\/div>\n            <\/a>          <\/div>\n         <\/div><div class=\"gallery-col col\" >\n          <div class=\"col-inner\">\n            <a class=\"\" href=\"https:\/\/www.cavarovellats.com\/wp-content\/uploads\/2021\/04\/Rovellats-aldea-vista-aerea-fotos-web.png\" title=\"\">            <div class=\"box has-hover gallery-box box-overlay dark\">\n              <div class=\"box-image image-cover\" style=\"padding-top:75%;\">\n                <img loading=\"lazy\" decoding=\"async\" width=\"568\" height=\"400\" src=\"https:\/\/www.cavarovellats.com\/wp-content\/uploads\/2021\/04\/Rovellats-aldea-vista-aerea-fotos-web-568x400.png\" class=\"attachment-medium size-medium\" alt=\"\" ids=\"1905,1911,1908,249,246\" columns=\"1\" columns__md=\"4\" image_height=\"75%\" srcset=\"https:\/\/www.cavarovellats.com\/wp-content\/uploads\/2021\/04\/Rovellats-aldea-vista-aerea-fotos-web-568x400.png 568w, https:\/\/www.cavarovellats.com\/wp-content\/uploads\/2021\/04\/Rovellats-aldea-vista-aerea-fotos-web-768x540.png 768w, https:\/\/www.cavarovellats.com\/wp-content\/uploads\/2021\/04\/Rovellats-aldea-vista-aerea-fotos-web-600x422.png 600w, https:\/\/www.cavarovellats.com\/wp-content\/uploads\/2021\/04\/Rovellats-aldea-vista-aerea-fotos-web.png 776w\" sizes=\"auto, (max-width: 568px) 100vw, 568px\" \/>                                  <div class=\"overlay fill\"\n                      style=\"background-color: rgba(0,0,0,.15)\">\n                  <\/div>\n                                                              <\/div>\n              <div class=\"box-text text-left\" >\n                 <p><\/p>\n              <\/div>\n            <\/div>\n            <\/a>          <\/div>\n         <\/div><div class=\"gallery-col col\" >\n          <div class=\"col-inner\">\n            <a class=\"\" href=\"https:\/\/www.cavarovellats.com\/wp-content\/uploads\/2021\/04\/Copes-Cava.jpg\" title=\"\">            <div class=\"box has-hover gallery-box box-overlay dark\">\n              <div class=\"box-image image-cover\" style=\"padding-top:75%;\">\n                <img loading=\"lazy\" decoding=\"async\" width=\"533\" height=\"400\" src=\"https:\/\/www.cavarovellats.com\/wp-content\/uploads\/2021\/04\/Copes-Cava-533x400.jpg\" class=\"attachment-medium size-medium\" alt=\"\" ids=\"1905,1911,1908,249,246\" columns=\"1\" columns__md=\"4\" image_height=\"75%\" srcset=\"https:\/\/www.cavarovellats.com\/wp-content\/uploads\/2021\/04\/Copes-Cava-533x400.jpg 533w, https:\/\/www.cavarovellats.com\/wp-content\/uploads\/2021\/04\/Copes-Cava-768x576.jpg 768w, https:\/\/www.cavarovellats.com\/wp-content\/uploads\/2021\/04\/Copes-Cava-600x450.jpg 600w, https:\/\/www.cavarovellats.com\/wp-content\/uploads\/2021\/04\/Copes-Cava.jpg 776w\" sizes=\"auto, (max-width: 533px) 100vw, 533px\" \/>                                  <div class=\"overlay fill\"\n                      style=\"background-color: rgba(0,0,0,.15)\">\n                  <\/div>\n                                                              <\/div>\n              <div class=\"box-text text-left\" >\n                 <p><\/p>\n              <\/div>\n            <\/div>\n            <\/a>          <\/div>\n         <\/div><\/div>\n\n\n\t\t<\/div>\n\t\t\t\t\t<\/div>\n\n\t\n\n\t<div id=\"col-1174233076\" class=\"col medium-12 small-12 large-8 medium-col-first\"  >\n\t\t\t\t<div class=\"col-inner\"  >\n\t\t\t\n\t\t\t\n\n\t<div id=\"text-2904255080\" class=\"text\">\n\t\t\n\n<h2>Bicicleta entre vi\u00f1edos, visita y cata<\/h2>\n\t\t\n<style>\n#text-2904255080 {\n  font-size: 1.75rem;\n}\n<\/style>\n\t<\/div>\n\t\n<p><strong>Una experiencia ideal para los que te gusta empezar el d\u00eda con algo de ejercicio f\u00edsico al aire libre<\/strong><\/p>\n<p>La aventura empieza llegando a Vilafranca del Pened\u00e8s con su coche o en tren. Las bicicletas le esperan en una tienda muy c\u00e9ntrica de esta poblaci\u00f3n donde puede aparcar f\u00e1cilmente o si viene en el tren se encuentra a 10 minutos a pie de la estaci\u00f3n.  Le daremos una bicicleta el\u00e9ctrica y una ruta con Google Maps para que encuentre el camino entre vi\u00f1edos para llegar a nuestra bodega, a su ritmo y disfrutando del camino. En Rovellats os daremos la bienvenida con una copa de vino bien fresquito y ya sin la bicicleta empezaremos la visita de nuestra bodega seguida de la cata.<\/p>\n<p>Puede elegir el tipo de visita que prefiera: la <a href=\"https:\/\/www.cavarovellats.com\/es\/enoturismo\/visita-reserva\/\">Reserva<\/a> o la <a href=\"https:\/\/www.cavarovellats.com\/es\/enoturismo\/visita-premium\/\">Premium<\/a> .<br> *Mirad las descripciones de \u00e9stas en nuestra web.<\/p>\n<p><strong>Distancia de Vilafranca del Pened\u00e8s a Rovellats<\/strong> : 7 km, en bicicleta son 20 minutos (a pie 1h 20min)<\/p>\n<p><strong>Duraci\u00f3n de la visita y cata<\/strong> : 1\u00b430h-2h la visita Reserva y 2h\u00b430min la visita Premium.<\/p>\n<p><strong>Precios<\/strong> :<\/p>\n<ul>\n<li>48 \u20ac por persona en alquiler de bicicleta 4h + VISITA RESERVA<\/li>\n<li>61 \u20ac por persona en alquiler de bicicleta por 8h + VISITA RESERVA<\/li>\n<li>68 \u20ac por persona en alquiler de bicicleta 4h + VISITA PREMIUM<\/li>\n<li>81 \u20ac por persona en alquiler de bicicleta 8h + VISITA PREMIUM<\/li>\n<\/ul>\n<p><strong>Menores<\/strong> (de 12 a 17 a\u00f1os)<\/p>\n<ul>\n<li>29 \u20ac por persona y bicicleta 4h + visita Reserva<\/li>\n<li>42 \u20ac por persona y bicicleta 8h + visita Reserva<\/li>\n<li>35 \u20ac por persona y bicicleta 4h + visita Premium<\/li>\n<li>48 \u20ac por persona y bicicleta 8h + visita Premium<\/li>\n<\/ul>\n<p><strong>El precio incluye<\/strong> : bicicleta el\u00e9ctrica, casco, ruta de google maps, candado, kit reparaci\u00f3n, soporte para el smartphone y mapa, la visita guiada de la bodega y la cata de cava seg\u00fan la visita escogida.<\/p>\n<p>*Si tiene alguna alergia alimentaria o restricciones diet\u00e9ticas, inf\u00f3rmenos al hacer la reserva. <br><strong>Visitas previa reserva de lunes a s\u00e1bado de 9:30h a 17:30h. Esta actividad no se ofrece en domingos y s\u00f3lo de marzo a noviembre.  <\/strong><\/p>\n<p><strong>Idiomas<\/strong> : catal\u00e1n, castellano, ingl\u00e9s y alem\u00e1n (ruso bajo petici\u00f3n).<\/p>\n<p><em>\u00bfOs animais? Visitar Caves Rovellats es apostar por un enoturismo responsable y sostenible. Estamos certificados con el sello Biosphere. Reserva imprescindible.<\/em><\/p>\n\n<div class=\"wpcf7 no-js\" id=\"wpcf7-f1381-o1\" lang=\"es-ES\" dir=\"ltr\" data-wpcf7-id=\"1381\">\n<div class=\"screen-reader-response\"><p role=\"status\" aria-live=\"polite\" aria-atomic=\"true\"><\/p> <ul><\/ul><\/div>\n<form action=\"\/es\/wp-json\/wp\/v2\/pages\/5139#wpcf7-f1381-o1\" method=\"post\" class=\"wpcf7-form init\" aria-label=\"Formulario de contacto\" novalidate=\"novalidate\" data-status=\"init\">\n<fieldset class=\"hidden-fields-container\"><input type=\"hidden\" name=\"_wpcf7\" value=\"1381\" \/><input type=\"hidden\" name=\"_wpcf7_version\" value=\"6.1.5\" \/><input type=\"hidden\" name=\"_wpcf7_locale\" value=\"es_ES\" \/><input type=\"hidden\" name=\"_wpcf7_unit_tag\" value=\"wpcf7-f1381-o1\" \/><input type=\"hidden\" name=\"_wpcf7_container_post\" value=\"0\" \/><input type=\"hidden\" name=\"_wpcf7_posted_data_hash\" value=\"\" \/><input type=\"hidden\" name=\"_wpcf7_recaptcha_response\" value=\"\" \/>\n<\/fieldset>\n<p><label> Nombre<br \/>\n<span class=\"wpcf7-form-control-wrap\" data-name=\"your-name\"><input size=\"40\" maxlength=\"400\" class=\"wpcf7-form-control wpcf7-text wpcf7-validates-as-required\" aria-required=\"true\" aria-invalid=\"false\" value=\"\" type=\"text\" name=\"your-name\" \/><\/span> <\/label>\n<\/p>\n<p><label> Email<br \/>\n<span class=\"wpcf7-form-control-wrap\" data-name=\"your-email\"><input size=\"40\" maxlength=\"400\" class=\"wpcf7-form-control wpcf7-email wpcf7-validates-as-required wpcf7-text wpcf7-validates-as-email\" aria-required=\"true\" aria-invalid=\"false\" value=\"\" type=\"email\" name=\"your-email\" \/><\/span> <\/label><br \/>\n<label> Tel\u00e9fono<br \/>\n<span class=\"wpcf7-form-control-wrap\" data-name=\"your-phone\"><input size=\"40\" maxlength=\"400\" class=\"wpcf7-form-control wpcf7-text wpcf7-validates-as-required\" aria-required=\"true\" aria-invalid=\"false\" value=\"\" type=\"text\" name=\"your-phone\" \/><\/span> <\/label>\n<\/p>\n<p><label> Fecha y hora<br \/>\n<span class=\"wpcf7-form-control-wrap\" data-name=\"data\"><input size=\"40\" maxlength=\"400\" class=\"wpcf7-form-control wpcf7-text wpcf7-validates-as-required walcf7-datetimepicker\" aria-required=\"true\" aria-invalid=\"false\" value=\"\" type=\"text\" name=\"data\" \/><\/span> <\/label><br \/>\n<label> Adultos<br \/>\n<span class=\"wpcf7-form-control-wrap\" data-name=\"adults\"><input class=\"wpcf7-form-control wpcf7-number wpcf7-validates-as-required wpcf7-validates-as-number\" min=\"2\" aria-required=\"true\" aria-invalid=\"false\" value=\"2\" type=\"number\" name=\"adults\" \/><\/span> <\/label><br \/>\n<label> Menores (de 6 a 17 a\u00f1os)<br \/>\n<span class=\"wpcf7-form-control-wrap\" data-name=\"joves\"><input class=\"wpcf7-form-control wpcf7-number wpcf7-validates-as-required wpcf7-validates-as-number\" aria-required=\"true\" aria-invalid=\"false\" value=\"0\" type=\"number\" name=\"joves\" \/><\/span> <\/label>\n<\/p>\n<p><label> Mensaje<br \/>\n<span class=\"wpcf7-form-control-wrap\" data-name=\"your-message\"><textarea cols=\"40\" rows=\"10\" maxlength=\"2000\" class=\"wpcf7-form-control wpcf7-textarea\" aria-invalid=\"false\" name=\"your-message\"><\/textarea><\/span> <\/label>\n<\/p>\n<p><span class=\"wpcf7-form-control-wrap\" data-name=\"Privacitat\"><span class=\"wpcf7-form-control wpcf7-acceptance\"><span class=\"wpcf7-list-item\"><label><input type=\"checkbox\" name=\"Privacitat\" value=\"1\" aria-invalid=\"false\" \/><span class=\"wpcf7-list-item-label\">He le\u00eddo y acepto el <a href=\"\/avis-legal\/\">aviso legal<\/a> y la <a href=\"\/proteccio-de-dades\/\">pol\u00edtica de privacidad<\/a> de esta web<\/span><\/label><\/span><\/span><\/span><br \/>\n<input class=\"wpcf7-form-control wpcf7-submit has-spinner\" type=\"submit\" value=\"Enviar\" \/>\n<\/p><div class=\"wpcf7-response-output\" aria-hidden=\"true\"><\/div>\n<\/form>\n<\/div>\n\n\n\n\t\t<\/div>\n\t\t\t\t\t<\/div>\n\n\t\n\n<\/div>\n\n\t\t<\/div>\n\n\t\t\n<style>\n#section_78468698 {\n  padding-top: 40px;\n  padding-bottom: 40px;\n}\n@media (min-width:850px) {\n  #section_78468698 {\n    padding-top: 75px;\n    padding-bottom: 75px;\n  }\n}\n<\/style>\n\t<\/section>\n\t\n\n","protected":false},"excerpt":{"rendered":"","protected":false},"author":1,"featured_media":654,"parent":0,"menu_order":0,"comment_status":"closed","ping_status":"closed","template":"page-blank.php","meta":{"inline_featured_image":false,"_monsterinsights_skip_tracking":false,"_monsterinsights_sitenote_active":false,"_monsterinsights_sitenote_note":"","_monsterinsights_sitenote_category":0,"footnotes":""},"class_list":["post-5139","page","type-page","status-publish","has-post-thumbnail","hentry"],"yoast_head":"<!-- This site is optimized with the Yoast SEO plugin v27.5 - https:\/\/yoast.com\/product\/yoast-seo-wordpress\/ -->\n<title>Bicicleta entre vi\u00f1edos, visita y cata - Cava Rovellats<\/title>\n<meta name=\"robots\" content=\"index, follow, max-snippet:-1, max-image-preview:large, max-video-preview:-1\" \/>\n<link rel=\"canonical\" href=\"https:\/\/www.cavarovellats.com\/es\/bicicleta-entre-vinedos-visita-y-cata\/\" \/>\n<meta property=\"og:locale\" content=\"es_ES\" \/>\n<meta property=\"og:type\" content=\"article\" \/>\n<meta property=\"og:title\" content=\"Bicicleta entre vi\u00f1edos, visita y cata - Cava Rovellats\" \/>\n<meta property=\"og:url\" content=\"https:\/\/www.cavarovellats.com\/es\/bicicleta-entre-vinedos-visita-y-cata\/\" \/>\n<meta property=\"og:site_name\" content=\"Cava Rovellats\" \/>\n<meta property=\"article:modified_time\" content=\"2025-01-15T09:04:50+00:00\" \/>\n<meta property=\"og:image\" content=\"https:\/\/www.cavarovellats.com\/wp-content\/uploads\/2021\/03\/foto_producte1.jpg\" \/>\n\t<meta property=\"og:image:width\" content=\"996\" \/>\n\t<meta property=\"og:image:height\" content=\"750\" \/>\n\t<meta property=\"og:image:type\" content=\"image\/jpeg\" \/>\n<meta name=\"twitter:card\" content=\"summary_large_image\" \/>\n<meta name=\"twitter:label1\" content=\"Tiempo de lectura\" \/>\n\t<meta name=\"twitter:data1\" content=\"3 minutos\" \/>\n<script type=\"application\/ld+json\" class=\"yoast-schema-graph\">{\"@context\":\"https:\\\/\\\/schema.org\",\"@graph\":[{\"@type\":\"WebPage\",\"@id\":\"https:\\\/\\\/www.cavarovellats.com\\\/es\\\/bicicleta-entre-vinedos-visita-y-cata\\\/\",\"url\":\"https:\\\/\\\/www.cavarovellats.com\\\/es\\\/bicicleta-entre-vinedos-visita-y-cata\\\/\",\"name\":\"Bicicleta entre vi\u00f1edos, visita y cata - Cava Rovellats\",\"isPartOf\":{\"@id\":\"https:\\\/\\\/www.cavarovellats.com\\\/es\\\/#website\"},\"primaryImageOfPage\":{\"@id\":\"https:\\\/\\\/www.cavarovellats.com\\\/es\\\/bicicleta-entre-vinedos-visita-y-cata\\\/#primaryimage\"},\"image\":{\"@id\":\"https:\\\/\\\/www.cavarovellats.com\\\/es\\\/bicicleta-entre-vinedos-visita-y-cata\\\/#primaryimage\"},\"thumbnailUrl\":\"https:\\\/\\\/www.cavarovellats.com\\\/wp-content\\\/uploads\\\/2021\\\/03\\\/foto_producte1.jpg\",\"datePublished\":\"2025-01-15T09:04:49+00:00\",\"dateModified\":\"2025-01-15T09:04:50+00:00\",\"breadcrumb\":{\"@id\":\"https:\\\/\\\/www.cavarovellats.com\\\/es\\\/bicicleta-entre-vinedos-visita-y-cata\\\/#breadcrumb\"},\"inLanguage\":\"es\",\"potentialAction\":[{\"@type\":\"ReadAction\",\"target\":[\"https:\\\/\\\/www.cavarovellats.com\\\/es\\\/bicicleta-entre-vinedos-visita-y-cata\\\/\"]}]},{\"@type\":\"ImageObject\",\"inLanguage\":\"es\",\"@id\":\"https:\\\/\\\/www.cavarovellats.com\\\/es\\\/bicicleta-entre-vinedos-visita-y-cata\\\/#primaryimage\",\"url\":\"https:\\\/\\\/www.cavarovellats.com\\\/wp-content\\\/uploads\\\/2021\\\/03\\\/foto_producte1.jpg\",\"contentUrl\":\"https:\\\/\\\/www.cavarovellats.com\\\/wp-content\\\/uploads\\\/2021\\\/03\\\/foto_producte1.jpg\",\"width\":996,\"height\":750},{\"@type\":\"BreadcrumbList\",\"@id\":\"https:\\\/\\\/www.cavarovellats.com\\\/es\\\/bicicleta-entre-vinedos-visita-y-cata\\\/#breadcrumb\",\"itemListElement\":[{\"@type\":\"ListItem\",\"position\":1,\"name\":\"Inici\",\"item\":\"https:\\\/\\\/www.cavarovellats.com\\\/es\\\/\"},{\"@type\":\"ListItem\",\"position\":2,\"name\":\"Bicicleta entre vi\u00f1edos, visita y cata\"}]},{\"@type\":\"WebSite\",\"@id\":\"https:\\\/\\\/www.cavarovellats.com\\\/es\\\/#website\",\"url\":\"https:\\\/\\\/www.cavarovellats.com\\\/es\\\/\",\"name\":\"Cava Rovellats\",\"description\":\"La terra, les persones, el cava\",\"potentialAction\":[{\"@type\":\"SearchAction\",\"target\":{\"@type\":\"EntryPoint\",\"urlTemplate\":\"https:\\\/\\\/www.cavarovellats.com\\\/es\\\/?s={search_term_string}\"},\"query-input\":{\"@type\":\"PropertyValueSpecification\",\"valueRequired\":true,\"valueName\":\"search_term_string\"}}],\"inLanguage\":\"es\"}]}<\/script>\n<!-- \/ Yoast SEO plugin. -->","yoast_head_json":{"title":"Bicicleta entre vi\u00f1edos, visita y cata - Cava Rovellats","robots":{"index":"index","follow":"follow","max-snippet":"max-snippet:-1","max-image-preview":"max-image-preview:large","max-video-preview":"max-video-preview:-1"},"canonical":"https:\/\/www.cavarovellats.com\/es\/bicicleta-entre-vinedos-visita-y-cata\/","og_locale":"es_ES","og_type":"article","og_title":"Bicicleta entre vi\u00f1edos, visita y cata - Cava Rovellats","og_url":"https:\/\/www.cavarovellats.com\/es\/bicicleta-entre-vinedos-visita-y-cata\/","og_site_name":"Cava Rovellats","article_modified_time":"2025-01-15T09:04:50+00:00","og_image":[{"width":996,"height":750,"url":"https:\/\/www.cavarovellats.com\/wp-content\/uploads\/2021\/03\/foto_producte1.jpg","type":"image\/jpeg"}],"twitter_card":"summary_large_image","twitter_misc":{"Tiempo de lectura":"3 minutos"},"schema":{"@context":"https:\/\/schema.org","@graph":[{"@type":"WebPage","@id":"https:\/\/www.cavarovellats.com\/es\/bicicleta-entre-vinedos-visita-y-cata\/","url":"https:\/\/www.cavarovellats.com\/es\/bicicleta-entre-vinedos-visita-y-cata\/","name":"Bicicleta entre vi\u00f1edos, visita y cata - Cava Rovellats","isPartOf":{"@id":"https:\/\/www.cavarovellats.com\/es\/#website"},"primaryImageOfPage":{"@id":"https:\/\/www.cavarovellats.com\/es\/bicicleta-entre-vinedos-visita-y-cata\/#primaryimage"},"image":{"@id":"https:\/\/www.cavarovellats.com\/es\/bicicleta-entre-vinedos-visita-y-cata\/#primaryimage"},"thumbnailUrl":"https:\/\/www.cavarovellats.com\/wp-content\/uploads\/2021\/03\/foto_producte1.jpg","datePublished":"2025-01-15T09:04:49+00:00","dateModified":"2025-01-15T09:04:50+00:00","breadcrumb":{"@id":"https:\/\/www.cavarovellats.com\/es\/bicicleta-entre-vinedos-visita-y-cata\/#breadcrumb"},"inLanguage":"es","potentialAction":[{"@type":"ReadAction","target":["https:\/\/www.cavarovellats.com\/es\/bicicleta-entre-vinedos-visita-y-cata\/"]}]},{"@type":"ImageObject","inLanguage":"es","@id":"https:\/\/www.cavarovellats.com\/es\/bicicleta-entre-vinedos-visita-y-cata\/#primaryimage","url":"https:\/\/www.cavarovellats.com\/wp-content\/uploads\/2021\/03\/foto_producte1.jpg","contentUrl":"https:\/\/www.cavarovellats.com\/wp-content\/uploads\/2021\/03\/foto_producte1.jpg","width":996,"height":750},{"@type":"BreadcrumbList","@id":"https:\/\/www.cavarovellats.com\/es\/bicicleta-entre-vinedos-visita-y-cata\/#breadcrumb","itemListElement":[{"@type":"ListItem","position":1,"name":"Inici","item":"https:\/\/www.cavarovellats.com\/es\/"},{"@type":"ListItem","position":2,"name":"Bicicleta entre vi\u00f1edos, visita y cata"}]},{"@type":"WebSite","@id":"https:\/\/www.cavarovellats.com\/es\/#website","url":"https:\/\/www.cavarovellats.com\/es\/","name":"Cava Rovellats","description":"La terra, les persones, el cava","potentialAction":[{"@type":"SearchAction","target":{"@type":"EntryPoint","urlTemplate":"https:\/\/www.cavarovellats.com\/es\/?s={search_term_string}"},"query-input":{"@type":"PropertyValueSpecification","valueRequired":true,"valueName":"search_term_string"}}],"inLanguage":"es"}]}},"_links":{"self":[{"href":"https:\/\/www.cavarovellats.com\/es\/wp-json\/wp\/v2\/pages\/5139","targetHints":{"allow":["GET"]}}],"collection":[{"href":"https:\/\/www.cavarovellats.com\/es\/wp-json\/wp\/v2\/pages"}],"about":[{"href":"https:\/\/www.cavarovellats.com\/es\/wp-json\/wp\/v2\/types\/page"}],"author":[{"embeddable":true,"href":"https:\/\/www.cavarovellats.com\/es\/wp-json\/wp\/v2\/users\/1"}],"replies":[{"embeddable":true,"href":"https:\/\/www.cavarovellats.com\/es\/wp-json\/wp\/v2\/comments?post=5139"}],"version-history":[{"count":1,"href":"https:\/\/www.cavarovellats.com\/es\/wp-json\/wp\/v2\/pages\/5139\/revisions"}],"predecessor-version":[{"id":5140,"href":"https:\/\/www.cavarovellats.com\/es\/wp-json\/wp\/v2\/pages\/5139\/revisions\/5140"}],"wp:featuredmedia":[{"embeddable":true,"href":"https:\/\/www.cavarovellats.com\/es\/wp-json\/wp\/v2\/media\/654"}],"wp:attachment":[{"href":"https:\/\/www.cavarovellats.com\/es\/wp-json\/wp\/v2\/media?parent=5139"}],"curies":[{"name":"wp","href":"https:\/\/api.w.org\/{rel}","templated":true}]}}